{"id":412,"date":"2018-09-25T21:16:09","date_gmt":"2018-09-25T19:16:09","guid":{"rendered":"http:\/\/www.institut-liebman.be\/?page_id=412"},"modified":"2025-09-08T15:13:34","modified_gmt":"2025-09-08T13:13:34","slug":"livres-et-articles-de-marcel-liebman-en-francais","status":"publish","type":"page","link":"https:\/\/www.institut-liebman.be\/index.php\/livres-et-articles-de-marcel-liebman-en-francais\/","title":{"rendered":"Livres et articles de Marcel Liebman en fran\u00e7ais"},"content":{"rendered":"<p>Articles class\u00e9s chronologiquement en ordre croissant, les textes en rouge sont consultables dans leur int\u00e9gralit\u00e9 en format pdf en cliquant sur titre (la mise en ligne des pdf sur ce nouveau site est en cours).<\/p>\n<p>1956<\/p>\n<p><a href=\"https:\/\/www.institut-liebman.be\/wp-content\/uploads\/2018\/09\/grandes-puissances.pdf\">\u00ab\u00a0Les Grandes Puissances et le conflit arabo-isra\u00e9lien\u00a0\u00bb<\/a>, <em>Menorah<\/em>, n\u00b0 4, avril 1956<\/p>\n<p>\u00ab\u00a0Ramsay MacDonald et la r\u00e9volution russe\u00a0\u00bb, <em>Revue de l\u2019Institut de Sociologie<\/em>, n\u00b0 4 \/ 1956<\/p>\n<p>\u00ab\u00a0Analyse d\u2019un miracle\u00a0: le juda\u00efsme britannique a 300 ans\u00a0\u00bb, <em>Menorah<\/em>, n\u00b0 6, juillet-ao\u00fbt 1956<\/p>\n<p>1957<\/p>\n<p>\u00ab\u00a0Litt\u00e9rature au pas de charge\u00a0: P. Giniewski, <em>Quand Isra\u00ebl combat<\/em>\u00a0\u00bb, <em>Menorah<\/em>, n\u00b0 3, novembre 1957<\/p>\n<p>\u00ab\u00a0Compte-rendu\u00a0: F. Lovsky\u00a0: <em>Antis\u00e9mitisme et Myst\u00e8re d\u2019Isra\u00ebl<\/em>\u00a0\u00bb, <em>Menorah<\/em>, n\u00b0 3, novembre 1957<\/p>\n<p>1958<\/p>\n<p>\u00ab\u00a0Compte-rendu\u00a0: L. Poliakov\u00a0: <em>Petite histoire de l\u2019antis\u00e9mitisme<\/em>\u00a0\u00bb, <em>Menorah<\/em>, n\u00b0 1, janvier-f\u00e9vrier1958<\/p>\n<p>\u00ab <a href=\"https:\/\/www.institut-liebman.be\/wp-content\/uploads\/2018\/09\/goiten.pdf\">S. Goiten : <em>Juifs et Arabes<\/em><\/a>\u00a0\u00bb, <em>Menorah<\/em>, n\u00b0 3, mai-juin 1958<\/p>\n<p>\u00ab\u00a0L\u2019h\u00e9ritage de Lasalle dans le socialisme de l\u2019Allemagne imp\u00e9riale\u00a0\u00bb, <em>Revue de l\u2019Institut de Sociologie<\/em>, n\u00b0 3\u00a0 \/ 1958<\/p>\n<p>1959<\/p>\n<p>\u00ab\u00a0Antis\u00e9mitisme de droite et \u2018\u2018Antis\u00e9mitisme\u2019\u2019 de gauche\u00a0\u00bb, <em>Menorah<\/em>, n\u00b0 1, janvier-f\u00e9vrier 1959<\/p>\n<p>\u00ab\u00a0Le Vatican et les Juifs\u00a0\u00bb, <em>Menorah<\/em>, n\u00b0 2, mars-avril\u00a0\u00a0 1959<\/p>\n<p>\u00ab\u00a0R\u00e9formisme et conservatisme dans la politique sociale de Bismarck\u00a0\u00bb, <em>Revue de l\u2019Institut de Sociologie<\/em>, n\u00b0 4 \/ 1959<\/p>\n<p>1960<\/p>\n<p>\u00ab\u00a0Compte-rendu\u00a0: F. Fejt\u00f6\u00a0: <em>Les juifs et l\u2019antis\u00e9mitisme dans les pays communistes<\/em>\u00a0\u00bb, <em>Menorah<\/em>, n\u00b0 2, 1960<\/p>\n<p>\u00ab\u00a0Compte-rendu\u00a0: H. Abosch\u00a0: <em>L\u2019Allemagne sans miracle. D\u2019Hitler \u00e0 Adenaueri\u00a0\u00bb, Menorah<\/em>, n\u00b0 3, 1960<\/p>\n<p>\u00ab\u00a0La Gauche non-communiste et l\u2019Union sovi\u00e9tique\u00a0\u00bb, <em>Coexistence<\/em>, n\u00b0 71-72, mai-ao\u00fbt 1960<\/p>\n<p>\u00ab\u00a0Fabianisme et communisme\u00a0: les Webb et l\u2019Union sovi\u00e9tique\u00a0\u00bb, <em>International Review of Social History<\/em>, vol. 5, 1960<\/p>\n<p>1961<\/p>\n<p>\u00ab\u00a0Fabianisme et communisme\u00a0: les Webb et l\u2019Union sovi\u00e9tique\u00a0\u00bb, <em>International Review of Social History, II<\/em>, vol. 6, 1961<\/p>\n<p>\u00ab\u00a0Le juda\u00efsme \u00e0 l\u2019heure alg\u00e9rienne\u00a0\u00bb, <em>Menorah<\/em>, n\u00b0 2, 1961<\/p>\n<p>\u00ab \u00a0<a href=\"https:\/\/www.institut-liebman.be\/wp-content\/uploads\/2025\/09\/PDF-Les-juifs-devant-le-probleme-algerien.pdf\">Les juifs devant le probl\u00e8me alg\u00e9rien<\/a>\u00a0\u00bb<em> Les Temps modernes<\/em>, n\u00b0 180, avril 1961<\/p>\n<p>1962<\/p>\n<p>\u00ab\u00a0Br\u00e8ves r\u00e9flexions \u00e0 propos du XXIIe Congr\u00e8s du P.C. en U.R.S.S.\u00a0\u00bb [sous le pseudonyme de Maurice L\u00e9vy], <em>Paix et coexistence<\/em>, n\u00b0 4, mars-avril 1962<\/p>\n<p>\u00ab\u00a0Les variations de la notion d\u2019antis\u00e9mitisme comme reflet de la condition juive\u00a0\u00bb, <em>Les Temps modernes<\/em>, n\u00b0 194, juillet 1962<\/p>\n<p>1963<\/p>\n<p>\u00ab\u00a0Les origines et la fondation du Parti Communiste de Belgique\u00a0\u00bb, <em>Courrier hebdomadaire<\/em> du CRISP, n\u00b0 197, 1963<\/p>\n<p>\u00ab\u00a0Compte-rendu\u00a0: Jacques Grippa, <em>Marxisme-l\u00e9ninisme ou r\u00e9visionnisme<\/em>, <em>La Gauche<\/em>, n\u00b0 27, 5-07-1963<\/p>\n<p>\u00ab\u00a0Le d\u00e9roulement de la crise gouvernementale de juillet 1963 et les enseignements qui s\u2019en d\u00e9gagent (I)\u00a0\u00bb, <em>Courrier hebdomadaire<\/em> du CRISP, n\u00b0 213, 1963<\/p>\n<p>\u00ab\u00a0Le d\u00e9roulement de la crise gouvernementale de juillet 1963 et les enseignements qui s\u2019en d\u00e9gagent (II)\u00a0\u00bb, <em>Courrier hebdomadaire<\/em> du CRISP, n\u00b0 214, 1963<\/p>\n<p>\u00ab\u00a0Le Communisme entre Moscou et P\u00e9kin\u00a0\u00bb [sous le pseudonyme de Maurice L\u00e9vy], <em>Carrefours de la paix<\/em>, n\u00b0 6, septembre-octobre 1963<\/p>\n<p>\u00ab\u00a0Les Chinois et Staline\u00a0\u00bb, <em>La Gauche<\/em>, n\u00b0 42, 1-11-1963<\/p>\n<p>\u00ab\u00a0Le Parti communiste fran\u00e7ais \u00e0 l\u2019heure khrouchtch\u00e9vienne\u00a0\u00bb, <em>La Gauche<\/em>, n\u00b0 45, 22-11-1963<\/p>\n<p>\u00ab\u00a0Encore une fois de Staline et des Chinois\u00a0\u00bb, <em>La Gauche<\/em>, n\u00b0 46, 29-11-1963<\/p>\n<p>1964<\/p>\n<p>\u00ab\u00a0Le Vatican et la pers\u00e9cution antis\u00e9mite moderne. A propos du \u2018\u2018Vicaire\u2019\u2019\u00a0\u00bb, <em>Carrefours de la paix<\/em>, n\u00b0 7 et 8, novembre 1963 \u2013 f\u00e9vrier 1964<\/p>\n<p>\u00ab\u00a0Le l\u00e9ninisme contre ses d\u00e9fenseurs et ses \u00e9pigones\u00a0\u00bb, <em>La Gauche<\/em>, n\u00b0 7, 14-02-1964<\/p>\n<p>\u00ab\u00a0Communistes et Socialistes fran\u00e7ais sur la voie du rapprochement\u00a0\u00bb, <em>La Gauche<\/em>, n\u00b0 12 (17), 20-03-1964<\/p>\n<p>\u00ab\u00a0L\u2019antis\u00e9mitisme en URSS\u00a0: innovation khrouchtch\u00e9vienne ou relent stalinien\u00a0?\u00a0\u00bb, <em>La Gauche<\/em>, n\u00b0 14, 3-04-1964<\/p>\n<p>\u00ab\u00a0Les communistes \u00e0 la poursuite des classes moyennes\u00a0 (I et II)\u00bb, <em>La Gauche<\/em>, n\u00b0 17, 25-04-1964 et n\u00b0 19, 9-05-1964<\/p>\n<p>\u00ab\u00a0Le XVIIe Congr\u00e8s du Parti communiste fran\u00e7ais\u00a0\u00bb, <em>La Gauche<\/em>, n\u00b0 21, 23-05-1964<\/p>\n<p>\u00ab\u00a0La gr\u00e8ve des m\u00e9decins en Belgique\u00a0\u00bb, <em>Les Temps modernes<\/em>, n\u00b0 218, juillet 1964<\/p>\n<p>\u00ab\u00a0Il y a 50 ans\u00a0: Jaur\u00e8s\u2026\u00a0\u00bb, <em>La Gauche<\/em>, n\u00b0 29, 8-08-1964<\/p>\n<p>\u00ab\u00a0Goldwater et nous\u00a0\u00bb, <em>La Gauche<\/em>, n\u00b0 30, 15-08-1964<\/p>\n<p>\u00ab\u00a0L\u2019apport concret du \u2018\u2018courant chinois\u2019\u2019 \u00e0 la strat\u00e9gie de la lutte ouvri\u00e8re en Europe. R\u00e9visionnisme et marxisme-l\u00e9ninisme dans le communisme belge\u00a0\u00bb, <em>Les Temps modernes<\/em>, n\u00b0 219-220, ao\u00fbt-septembre 1964<\/p>\n<p>\u00ab\u00a0Le testament politique de Togliatti\u00a0\u00bb, <em>La Gauche<\/em>, n\u00b0 34, 12-09-1964<\/p>\n<p>\u00ab\u00a0En Inde\u00a0: Mis\u00e8re, agitation sociale et r\u00e9pression conservatrice\u00a0\u00bb, <em>La Gauche<\/em>, n\u00b0 40, 24-10-1964<\/p>\n<p>\u00ab\u00a0La fin de Nikita Khrouchtchev\u00a0\u00bb, <em>La Gauche<\/em>, n\u00b0 40, 24-10-1964<\/p>\n<p>1965<\/p>\n<p>\u00ab\u00a0Bonn \u2013 Le Caire \u2013 J\u00e9rusalem\u00a0: Du chantage \u00e0 la rupture\u00a0\u00bb, <em>La Gauche<\/em>, n\u00b0 7, 20-02-1965<\/p>\n<p>\u00ab\u00a0O\u00f9 en est la crise du mouvement communiste\u00a0?\u00a0\u00bb, <em>La Gauche<\/em>, n\u00b0 11, 20-03-1965<\/p>\n<p>\u00ab\u00a0Les \u2018\u2018municipales\u2019\u2019 en France\u00a0\u00bb, <em>La Gauche<\/em>, n\u00b0 12, 27-03-1965<\/p>\n<p>\u00ab\u00a0Le meeting de lancement de l\u2019U.G.S.\u00a0\u00bb, <em>La Gauche<\/em>, n\u00b0 13, 3-04-1965<\/p>\n<p>\u00ab\u00a0Du gaz au Vietnam\u00a0: ce qu\u2019en dit la presse belge\u2026\u00a0\u00bb, <em>La Gauche<\/em>, n\u00b0 13, 3-04-1965<\/p>\n<p>\u00ab\u00a0Manifestation contre l\u2019imp\u00e9rialisme am\u00e9ricain\u00a0: une compl\u00e8te r\u00e9ussite\u00a0\u00bb, <em>La Gauche<\/em>, n\u00b0 20, 22-05-1965<\/p>\n<p>\u00ab\u00a0Saint-Domingue\u00a0: Journal d\u2019une r\u00e9volution populaire\u00a0\u00bb, <em>La Gauche<\/em>, n\u00b0 21, 29-05-1965<\/p>\n<p>\u00ab\u00a0Pour r\u00e9pondre \u00e0 des d\u00e9tracteurs\u00a0: l\u2019\u00e9lectorat U.G.S. \u00e0 Bruxelles\u00a0\u00bb, <em>La Gauche<\/em>, n\u00b0 22, 5-06-1965<\/p>\n<p>\u00ab\u00a0Est-ce la fin de la S.F.I.O.\u00a0?\u00a0\u00bb, <em>La Gauche<\/em>, n\u00b0 23, 12-06-1965<\/p>\n<p>\u00ab\u00a0<a href=\"https:\/\/www.institut-liebman.be\/wp-content\/uploads\/2018\/09\/bilan.pdf\">Le socialisme belge et la participation gouvernementale\u00a0:\u00a0un bilan historique\u00a0(I &amp; II)<\/a> \u00bb, <em>La Gauche<\/em>, n\u00b0 25, 26-06-1965 &amp; n\u00b0 26, 3-07-1965<\/p>\n<p>\u00ab\u00a0En France\u00a0: La retraite de Deferre\u00a0\u00bb, <em>La Gauche<\/em>, n\u00b0 26, 3-07-1965<\/p>\n<p>\u00ab\u00a0Retour \u00e0 Trotsky. A propos de la biographie de Trotsky par Isaac Deutscher\u00a0\u00bb, <em>Les Temps modernes<\/em>, n\u00b0 230, juillet 1965<\/p>\n<p>\u00ab\u00a0Vietnam\u00a0: la sale guerre\u00a0\u00bb, <em>La Gauche<\/em>, n\u00b0 29, 14-08-1965<\/p>\n<p>\u00ab\u00a0L\u2019incendie de Los Angeles\u00a0\u00bb, <em>La Gauche<\/em>, n\u00b0 30, 21-08-1965<\/p>\n<p>\u00ab<a href=\"https:\/\/www.institut-liebman.be\/wp-content\/uploads\/2018\/09\/ilya25ans.pdf\">\u00a0Il y a 25 ans\u00a0: Trotsky assassin\u00e9<\/a>\u00a0\u00bb, <em>La Gauche<\/em>, n\u00b0 30, 21-08-1965<\/p>\n<p>\u00ab\u00a0<a href=\"https:\/\/www.institut-liebman.be\/wp-content\/uploads\/2018\/09\/POB-1911.pdf\">Le Parti Ouvrier Belge (en 1911) vu par De Man et de Brouck\u00e8re<\/a>\u00a0\u00bb, <em>La Gauche<\/em>, n\u00b0 32, 4-09-1965<\/p>\n<p>\u00ab\u00a0A propos d\u2019un livre du C.R.I.S.P. Pleins feux sur la politique belge\u00a0\u00bb, <em>La Gauche<\/em>, n\u00b0 35, 25-09-1965<\/p>\n<p>\u00ab\u00a0Le XVIe Congr\u00e8s communiste. De la discussion au dialogue\u00a0\u00bb, <em>La Gauche<\/em>, n\u00b0 41, 30-10-1965<\/p>\n<p>\u00ab\u00a0Du nouveau dans la gauche travailliste\u00a0\u00bb, <em>La Gauche<\/em>, n\u00b0 43, 13-11-1965<\/p>\n<p>\u00ab\u00a0De Gaulle en \u00e9chec. Ce que montrent les chiffres\u00a0\u00bb, <em>La Gauche<\/em>, n\u00b0 47, 11-12-1965<\/p>\n<p>1966<\/p>\n<p>\u00ab\u00a01866-1966\u00a0: le centenaire d\u2019Emile Vandervelde\u00a0\u00bb, <em>La Gauche<\/em>, n\u00b0 4, 29-01-1966<\/p>\n<p>\u00ab\u00a0Italie\u00a0: le pouvoir et ses h\u00e9ritiers\u00a0\u00bb, <em>La Gauche<\/em>, n\u00b0 6, 12-02-1966<\/p>\n<p>\u00ab\u00a0Dix ans apr\u00e8s le XXe Congr\u00e8s\u00a0: Bilan de la d\u00e9stalinisation\u00a0\u00bb, <em>La Gauche<\/em>, n\u00b0 9, 5-03-1966<\/p>\n<p>\u00ab\u00a0L\u2019Inde\u00a0: Un front de plus\u00a0\u00bb, <em>La Gauche<\/em>, n\u00b0 10, 12-03-1966<\/p>\n<p>\u00ab\u00a0L\u2019Angleterre aux urnes\u00a0\u00bb, <em>La Gauche<\/em>, n\u00b0 11, 19-03-1966<\/p>\n<p>\u00ab\u00a0A propos de la d\u00e9stalinisation. R\u00e9ponse \u00e0 J.-P. Wallenborn\u00a0\u00bb, <em>La Gauche<\/em>, n\u00b0 11, 19-03-1966<\/p>\n<p>\u00ab\u00a0A l\u2019heure du XXIIIe Congr\u00e8s. Moscou-P\u00e9kin\u00a0: une fissure de plus\u00a0\u00bb, <em>La Gauche<\/em>, n\u00b0 13, 2-04-1966<\/p>\n<p>\u00ab\u00a0Bilan du XXIIIe Congr\u00e8s\u00a0\u00bb, <em>La Gauche<\/em>, n\u00b0 15, 16-04-1966<\/p>\n<p>\u00ab\u00a0Il y a trente ans\u00a0: le Front populaire\u00a0\u00bb, <em>La Gauche<\/em>, n\u00b0 25, 25-06-1966<\/p>\n<p>\u00ab\u00a0R\u00e9flexions sur la \u2018\u2018r\u00e9volution culturelle\u2019\u2019 chinoise\u00a0\u00bb, <em>La Gauche<\/em>, n\u00b0 38, 15-10-1966<\/p>\n<p>\u00ab\u00a0La Politique en U.R.S.S.\u00a0\u00bb, in <em>Le Dossier Russie<\/em>, G\u00e9rard, coll. Marabout, Verviers, 1966<\/p>\n<p>1967<\/p>\n<p>\u00ab\u00a01956-1966\u00a0: Dix ans de crise communiste\u00a0\u00bb, <em>La Gauche<\/em>, n\u00b0 1, 7-01-1967<\/p>\n<p><a href=\"https:\/\/www.institut-liebman.be\/wp-content\/uploads\/2018\/09\/greve-generale.pdf\">\u00ab\u00a0La pratique de la gr\u00e8ve g\u00e9n\u00e9rale dans le Parti ouvrier belge jusqu\u2019en 1914\u00a0\u00bb<\/a>, <em>Le Mouvement social<\/em>, n\u00b0 58, janvier-mars 1967<\/p>\n<p>\u00ab\u00a0La reconstruction de l\u2019\u2019\u2019Innovation\u2019\u2019 et la d\u00e9mocratie bourgeoise\u00a0\u00bb, <em>La Gauche<\/em>, n\u00b0 23, 10-06-1967<\/p>\n<p>\u00ab\u00a0<a href=\"https:\/\/www.institut-liebman.be\/wp-content\/uploads\/2018\/09\/pour-une-solution.pdf\">Introduction au manifeste \u2018\u2018Pour une solution du conflit isra\u00e9lo-arabe\u00a0\u00bb<\/a> \u00bb, <em>La Gauche<\/em>, n\u00b0 25, 24-06-1967<\/p>\n<p>\u00ab\u00a0Il y a 50 ans\u00a0: Les \u2018\u2018Journ\u00e9es de Juillet\u2019\u2019 tournant dans la R\u00e9volution russe\u00a0\u00bb, <em>La Gauche<\/em>, n\u00b0 27, 8-07-1967<\/p>\n<p>\u00ab\u00a0<a href=\"https:\/\/www.institut-liebman.be\/wp-content\/uploads\/2018\/09\/issac.pdf\">La mort d\u2019Isaac Deutscher<\/a>\u00a0\u00bb, <em>La Gauche<\/em>, n\u00b0 33, 9-09-1967<\/p>\n<p>\u00ab\u00a0Le Congr\u00e8s communiste\u00a0: Toujours le front des gauches\u00a0\u00bb,<em> La Gauche<\/em>, n\u00b0 48, 23-12-1967<\/p>\n<p>1968<\/p>\n<p>\u00ab\u00a0Budapest et le mouvement communiste international\u00a0: une l\u00e9zarde de plus\u00a0\u00bb, <em>La Gauche<\/em>, n\u00b0 10, 9-03-1968<\/p>\n<p>\u00ab\u00a0Les communistes \u00e0 l\u2019\u00e9preuve de Prague\u00a0\u00bb, <em>La Gauche<\/em>, n\u00b0 32, 31-08-1968<\/p>\n<p>\u00ab\u00a0Ce que f\u00fbt l\u2019Assembl\u00e9e libre\u00a0\u00bb, <em>Bulletin de l\u2019Union des Anciens Etudiants<\/em>, 1968<\/p>\n<p>\u00ab\u00a0Editorial\u00a0\u00bb, <em>Mai<\/em>, n\u00b0 1, d\u00e9cembre 1968<\/p>\n<p>1969<\/p>\n<p>\u00ab\u00a0Universit\u00e9s\u00a0: les orages de d\u00e9cembre\u00a0\u00bb, <em>Mai<\/em>, n\u00b0 2, janvier 1969 (avec Pierre Gillis, Jean-Jacques Jespers, Hugues Le Paige et Guy Warszawski)<\/p>\n<p>\u00ab\u00a0Communistes\u00a0: remettre en cause\u00a0\u00bb, <em>Mai<\/em>, n\u00b0 2, janvier 1969<\/p>\n<p>\u00ab\u00a0<a href=\"https:\/\/www.institut-liebman.be\/wp-content\/uploads\/2018\/09\/victoire-palestinienne.pdf\">Moyen-Orient\u00a0: une victoire palestinienne<\/a>\u00a0\u00bb, <em>Mai<\/em>, n\u00b0 3, f\u00e9vrier 1969<\/p>\n<p>\u00ab\u00a0Lendemains de mai\u00a0: \u2018\u2018contestation intellectuelle\u2019\u2019 et \u2018\u2018gauche organis\u00e9e\u2019\u2019, <em>Mai<\/em>, n\u00b0 3, f\u00e9vrier 1969<\/p>\n<p>\u00ab\u00a0<a href=\"https:\/\/www.institut-liebman.be\/wp-content\/uploads\/2018\/09\/nouvelles-perspectives.pdf\">Proche-Orient\u00a0: nouvelles perspectives\u00a0?<\/a>\u00a0\u00bb, <em>Mai<\/em>, n\u00b0 4, mars-avril 1969<\/p>\n<p>\u00ab\u00a0Malaise gouvernemental et crise des partis\u00a0\u00bb, <em>Mai<\/em>, n\u00b0 5, avril-mai 1969<\/p>\n<p><a href=\"https:\/\/www.institut-liebman.be\/wp-content\/uploads\/2018\/09\/25-ans-socialisme.pdf\">\u00ab\u00a0L\u2019impuissance du r\u00e9alisme. A propos de \u2018\u201925 ans de socialisme belge\u2019\u2019\u00a0\u00bb<\/a>, <em>Mai<\/em>, n\u00b0 6, juin-juillet 1969<\/p>\n<p>\u00ab\u00a0Un des n\u00f4tres\u00a0\u00bb [n\u00e9crologie de Ho Chi Minh], <em>Mai<\/em>, n\u00b0 7, octobre-novembre 1969<\/p>\n<p>\u00ab\u00a0Regroupement des progressistes\u00a0: l\u2019hypoth\u00e8que\u00a0\u00bb, <em>Mai<\/em>, n\u00b0 7, octobre-novembre 1969<\/p>\n<p>\u00ab <a href=\"https:\/\/www.institut-liebman.be\/wp-content\/uploads\/2018\/09\/djihad.pdf\">Vers le Djihad ? A propos d&rsquo;une mosqu\u00e9e et \u00e0 propos d&rsquo;une \u00ab guerre sainte \u00bb <\/a>\u00bb, <em>Mai<\/em>, n\u00b0 7, octobre-novembre 1969<\/p>\n<p>1970<\/p>\n<p>\u00ab\u00a0Limbourg\u00a0: gr\u00e8ves et syndicats\u00a0\u00bb, <em>Mai<\/em>, n\u00b0 10, f\u00e9vrier 1970<\/p>\n<p>\u00ab <a href=\"https:\/\/www.institut-liebman.be\/wp-content\/uploads\/2018\/09\/antisemitisme-et-antisionisme.pdf\">Antisemitisme et antisionisme<\/a> \u00bb, <em>Mai<\/em>, n\u00b0 10, f\u00e9vrier 1970<\/p>\n<p>\u00ab\u00a0Communisme\u00a0: les (demi) Mots\u00a0\u00bb, <em>Mai<\/em>, n\u00b0 11, mars-avril 1970<\/p>\n<p>\u00ab\u00a0L\u00e9nine en 1905\u00a0\u00bb, <em>Les Temps modernes<\/em>, n\u00b0 285, avril 1970<\/p>\n<p>\u00ab\u00a0R\u00e9alit\u00e9 de L\u00e9nine et du l\u00e9ninisme\u00a0\u00bb, <em>Mai<\/em>, n\u00b0 12, mai 1970<\/p>\n<p>\u00ab\u00a0R\u00e9ponse \u00e0 Willy Bok\u00a0\u00bb, <em>Mai<\/em>, n\u00b0 12, mai 1970<\/p>\n<p>\u00ab\u00a0Le Socialisme cubain en crise\u00a0\u00bb, <em>Mai<\/em>, n\u00b0 13, juin 1970<\/p>\n<p>\u00ab\u00a0<a href=\"https:\/\/www.institut-liebman.be\/wp-admin\/upload.php?item=507\">Une t\u00eate de pont de l\u2019Occident<\/a>\u00a0\u00bb, <em>Politique aujourd\u2019hui<\/em>, juillet-ao\u00fbt 1970<\/p>\n<p>\u00ab\u00a0Les \u00e9lections et nous\u00a0\u00bb, <em>Mai<\/em>, n\u00b0 14, 1970<\/p>\n<p>\u00ab\u00a0Un \u2018\u2018Aveu\u2019\u2019 ambigu\u00a0\u00bb, <em>Mai<\/em>, n\u00b0 15, 1970<\/p>\n<p>\u00ab\u00a0L\u00e9ninisme et dogmatisme\u00a0\u00bb [R\u00e9ponse \u00e0 Ernest Mandel], <em>Mai<\/em>, n\u00b0 15, 1970<\/p>\n<p>\u00ab\u00a0Le Danger se pr\u00e9cise, le Combat s\u2019\u00e9largit\u00a0\u00bb, <em>Mai<\/em>, n\u00b0 16, 1970<\/p>\n<p>\u00ab\u00a0La discrimination sioniste\u00a0\u00bb, <em>Revue de droit contemporain<\/em>, n\u00b0 , 1970<\/p>\n<p>\u00ab\u00a0De Gaulle tel quel\u00a0\u00bb, <em>Mai<\/em>, n\u00b0 16, 1970<\/p>\n<p>1971<\/p>\n<p>\u00ab\u00a0Une apathie mal app\u00e2t\u00e9e\u00a0\u00bb, <em>Mai<\/em>, n\u00b0 17, 1971<\/p>\n<p>\u00ab\u00a0La tentation du sectarisme. Le XXe Congr\u00e8s du Parti Communiste de Belgique\u00a0\u00bb, <em>Mai<\/em>, n\u00b0 18, 1971<\/p>\n<p>\u00ab\u00a0Les noces d\u2019or du communisme fran\u00e7ais\u00a0\u00bb, <em>Mai<\/em>, n\u00b0 18, 1971<\/p>\n<p>\u00ab\u00a0<a href=\"https:\/\/www.institut-liebman.be\/wp-content\/uploads\/2018\/09\/commune.pdf\">Actualit\u00e9\u00a0: la force de la Commune<\/a>\u00a0\u00bb, <em>Mai<\/em>, n\u00b0 19, 1971<\/p>\n<p>\u00ab\u00a0<a href=\"https:\/\/www.institut-liebman.be\/wp-content\/uploads\/2018\/09\/inertie.pdf\">Mouvement ouvrier\u00a0: inertie et pouss\u00e9es<\/a>\u00a0\u00bb, <em>Mai<\/em>, n\u00b0 20, 1971<\/p>\n<p>\u00ab\u00a0Apr\u00e8s le khrouchtch\u00e9visme\u00a0\u00bb, <em>La Revue nouvelle<\/em>, n\u00b0 11, novembre 1971<\/p>\n<p>\u00ab\u00a0Le F.D.F. et sa confuse r\u00e9alit\u00e9\u00a0\u00bb, <em>Mai<\/em>, n\u00b0 21, 1971<\/p>\n<p>1972<\/p>\n<p>\u00ab\u00a0Une autopsie de la soci\u00e9t\u00e9 belge. A propos de \u2018\u2018l\u2019An 40\u2019\u2019\u00a0\u00bb, <em>Mai<\/em>, n\u00b0 22, f\u00e9vrier 1972<\/p>\n<p>\u00ab\u00a0R\u00e9ponse \u00e0 Henri Janne\u00a0\u00bb, <em>Mai<\/em>, n\u00b0 22, f\u00e9vrier 1972<\/p>\n<p>\u00ab\u00a0Politique socialiste, id\u00e9ologie bourgeoise. Le centenaire de L\u00e9on Blum\u00a0\u00bb, <em>Mai<\/em>, n\u00b0 24, mai-juin 1972<\/p>\n<p>\u00ab\u00a0Le ph\u00e9nom\u00e8ne \u2018\u2018De Nieuwe\u2019\u2019\u00a0\u00bb, <em>Mai<\/em>, n\u00b0 25, juillet-ao\u00fbt 1972<\/p>\n<p>\u00ab\u00a0Au-del\u00e0 du d\u00e9sert\u00a0\u00bb, <em>Mai<\/em>, n\u00b0 25, juillet-ao\u00fbt 1972<\/p>\n<p>\u00ab\u00a0La Soci\u00e9t\u00e9 G\u00e9n\u00e9rale pendant la deuxi\u00e8me guerre\u00a0: le patriotisme d\u2019un holding\u00a0\u00bb, <em>La Revue nouvelle<\/em>, n\u00b0 11, novembre 1972<\/p>\n<p><a href=\"https:\/\/www.institut-liebman.be\/wp-content\/uploads\/2018\/09\/Spaak.pdf\">\u00ab\u00a0P.-H. Spaak ou la politique du cynisme. El\u00e9ments pour une \u00e9tude biographique\u00a0\u00bb<\/a>, <em>Mai<\/em>, n\u00b0 26, novembre-d\u00e9cembre 1972<\/p>\n<p>\u00ab\u00a0<a href=\"https:\/\/www.institut-liebman.be\/wp-admin\/upload.php?item=493\">Septembre est noir<\/a>\u00a0\u00bb,\u00a0<em>Mai<\/em>, n\u00b0 26, novembre-d\u00e9cembre 1972<\/p>\n<p>1973<\/p>\n<p>\u00ab\u00a0Apr\u00e8s le Vietnam\u00a0\u00bb, <em>Mai<\/em>, n\u00b0 28, mars-avril 1973<\/p>\n<p>\u00ab\u00a0D\u00e9sillusion et d\u00e9mystification. Les \u00e9lections en France\u00a0\u00bb, <em>Mai<\/em>, n\u00b0 28, mars-avril 1973<\/p>\n<p>\u00ab\u00a0Social-d\u00e9mocratie et lib\u00e9ralisme\u00a0: les Internationales\u00a0\u00bb, <em>Mai<\/em>, n\u00b0 28, mars-avril 1973<\/p>\n<p>\u00ab\u00a0<a href=\"https:\/\/www.institut-liebman.be\/wp-content\/uploads\/2018\/09\/anatomie-du-sionisme.pdf\">Anatomie du sionisme<\/a>\u00a0\u00bb, <em>La Revue nouvelle<\/em>, n\u00b0 4, avril 1973<\/p>\n<p>\u00ab\u00a0Antonio Gramsci, l\u2019intellectuel r\u00e9volutionnaire\u00a0\u00bb, <em>Journal d\u2019Europe<\/em>, 14-05-1973<\/p>\n<p>\u00ab\u00a0\u2018\u2018Etat fort\u2019\u2019 et social-d\u00e9mocratie\u00a0\u00bb, <em>Mai<\/em>, n\u00b0 29, mai-juin 1973<\/p>\n<p>\u00ab\u00a0<a href=\"https:\/\/www.institut-liebman.be\/wp-content\/uploads\/2018\/09\/israel-25-ans.pdf\">Isra\u00ebl a 25 ans<\/a>\u00a0\u00bb, <em>Mai<\/em>, n\u00b0 29, mai-juin 1973<\/p>\n<p>\u00ab\u00a0Un autre son de cloche, mais confidentiel\u00a0\u00bb, <em>Journal d\u2019Europe<\/em>, 4-06-1973<\/p>\n<p>\u00ab\u00a0Anatomie de la nouvelle gauche\u00a0\u00bb, <em>Mai<\/em>, n\u00b0 30, juillet-ao\u00fbt 1973<\/p>\n<p>\u00ab\u00a0<a href=\"https:\/\/www.institut-liebman.be\/wp-content\/uploads\/2018\/09\/lettre-ami.pdf\">Lettre \u00e0 un ami sionisant<\/a>\u00a0\u00bb, <em>La Revue nouvelle<\/em>, n\u00b0 9, septembre 1973<\/p>\n<p>\u00ab\u00a0<a href=\"https:\/\/www.institut-liebman.be\/wp-content\/uploads\/2018\/09\/kippour1.pdf\">Isra\u00ebl\u00a0: la s\u00e9curit\u00e9 ou la paix\u00a0?<\/a>\u00a0\u00bb, <em>Journal d\u2019Europe<\/em>, 16-10-1973<\/p>\n<p>\u00ab\u00a0\u00catre Juif\u00a0\u00bb, <em>Journal d\u2019Europe<\/em>, 27-11-1973<\/p>\n<p>\u00ab\u00a0<a href=\"https:\/\/www.institut-liebman.be\/wp-content\/uploads\/2018\/09\/mythe-genocide.pdf\">Le mythe du g\u00e9nocide<\/a>\u00a0\u00bb, <em>Situations Moyen-Orient<\/em>, n\u00b0 2, 1973<\/p>\n<p>\u00ab <a href=\"https:\/\/www.institut-liebman.be\/wp-content\/uploads\/2018\/09\/delire-verbal.pdf\">D\u00e9lire verbal<\/a> \u00bb, <em>Situations Moyen-Orient<\/em>, n\u00b0 3, octobre-novembre 1973<\/p>\n<p>\u00ab\u00a0<a href=\"https:\/\/www.institut-liebman.be\/wp-admin\/upload.php?item=494\">Le sionisme et les Juifs<\/a>\u00a0\u00bb, <em>Situations Moyen-Orient<\/em>, n\u00b0 4, 1973<\/p>\n<p>1974<\/p>\n<p>\u00ab\u00a0<a href=\"https:\/\/www.institut-liebman.be\/wp-content\/uploads\/2018\/09\/elections-12-73.pdf\">Isra\u00ebl : entre les \u00e9lections et la n\u00e9gociation. Marcel Liebman et Thierry Maliniak<\/a>\u00a0\u00bb, <em>Situations Moyen-Orient<\/em>, n\u00b0 5, 1974<\/p>\n<p>\u00ab\u00a0<a href=\"https:\/\/www.institut-liebman.be\/wp-content\/uploads\/2018\/09\/pieges-irrationnel.pdf\">Les pi\u00e8ges de l\u2019irrationnel<\/a>\u00a0\u00bb, <em>Europe<\/em>, n\u00b0 ,1974<\/p>\n<p>\u00ab\u00a0La Chine vue par K. S. Karol, Alain Peyrefitte et Han Suyin\u00a0\u00bb, <em>Journal d\u2019Europe<\/em>, 26-03-1974<\/p>\n<p>\u00ab\u00a0<a href=\"https:\/\/www.institut-liebman.be\/wp-admin\/upload.php?item=510\">Une victoire<\/a>\u00a0\u00bb, <em>Situations Moyen-Orient<\/em>, n\u00b0 8, 1974<\/p>\n<p>\u00ab\u00a0Isra\u00ebl\u00a0: refuge ou sourici\u00e8re\u00a0?\u00a0\u00bb, <em>Europe-74 Hebdo<\/em>, n\u00b0 1, 1974<\/p>\n<p>\u00ab\u00a0L\u2019Histoire selon Solj\u00e9nitsyne\u00a0\u00bb, <em>La Revue nouvelle<\/em>, n\u00b0 9, septembre 1974<\/p>\n<p>\u00abCompte-rendu\u00a0:\u00a0<em>La Belgique sous l\u2019occupation 1940-1944<\/em> par Jo G\u00e9rard\u00a0\u00bb, <em>La Revue nouvelle<\/em>, n\u00b0 11, novembre 1974<\/p>\n<p>\u00ab\u00a0Parti socialiste\u00a0: derri\u00e8re la l\u00e9gende\u00a0\u00bb, <em>Europe-74 Hebdo<\/em>, n\u00b0 6, 6-11-1974<\/p>\n<p>\u00ab\u00a0Histoire du P.S.B.\u00a0: Le temps des p\u00e8res tranquilles\u00a0\u00bb, <em>Europe-74 Hebdo<\/em>, n\u00b0 7, 13-11-1974<\/p>\n<p>\u00ab\u00a0Congr\u00e8s du P.S.B.\u00a0: l\u2019Habit (rouge) ne fait pas le moine\u00a0\u00bb, <em>Europe-74 Hebdo<\/em>, n\u00b0 8, 20-11-1974 et n\u00b0 9, 27-11-1974<\/p>\n<p>\u00ab\u00a0Pr\u00e9face\u00a0\u00bb \u00e0 <em>L\u2019autogestion\u00a0?<\/em>\u00a0par Emile Lejeune<\/p>\n<p>1975<\/p>\n<p>\u00ab\u00a0La ligne de front\u00a0\u00bb, <em>Hebdo 75<\/em>, n\u00b0 1<\/p>\n<p>\u00ab\u00a0A c\u00f4t\u00e9 de la question. <em>La question royale<\/em> de Christian Mesnil\u00a0\u00bb, <em>Hebdo 75<\/em>, n\u00b0 5<\/p>\n<p>\u00ab\u00a0La montagne qui a accouch\u00e9 d\u2019une souris\u00a0\u00bb, <em>Hebdo 75<\/em>,<\/p>\n<p>\u00ab\u00a0Mort d\u2019une militante. Isabelle Blume\u00a0: socialisme et paix\u00a0\u00bb, <em>La Revue nouvelle<\/em>, n\u00b0 4, avril 1975<\/p>\n<p>\u00ab\u00a0<a href=\"https:\/\/www.institut-liebman.be\/wp-content\/uploads\/2018\/09\/heritage-reformiste.pdf\">La social-d\u00e9mocratie belge et l\u2019h\u00e9ritage r\u00e9formiste<\/a>\u00a0\u00bb, <em>Contradictions<\/em>, n\u00b0 7\u00a0\/ 1975<\/p>\n<p>\u00ab\u00a0<a href=\"https:\/\/www.institut-liebman.be\/wp-content\/uploads\/2018\/09\/lettre-aux-amis.pdf\">Lettre aux amis d\u2019Isra\u00ebl<\/a>\u00a0\u00bb, <em>La Revue nouvelle<\/em>, n\u00b0 5-6, mai-juin 1975<\/p>\n<p>\u00ab\u00a0L\u00e9nine aux enfers. A. Solj\u00e9nitsyne, <em>L\u00e9nine \u00e0 Z\u00fcrich<\/em>\u00a0\u00bb, <em>Hebdo 75<\/em>, n\u00b012<\/p>\n<p>\u00ab\u00a0Le pouvoir politique en URSS\u00a0: oligarchie ou d\u00e9mocratie\u00a0?\u00a0\u00bb, <em>La Revue nouvelle<\/em>, n\u00b0 7-8, juillet-ao\u00fbt 1975<\/p>\n<p>\u00ab\u00a0\u00ab\u00a0Le ph\u00e9nom\u00e8ne sovi\u00e9tique et la gauche europ\u00e9enne\u00a0\u00bb, <em>La Revue nouvelle<\/em>, n\u00b0 7-8, juillet-ao\u00fbt 1975<\/p>\n<p>\u00ab\u00a0<a href=\"https:\/\/www.institut-liebman.be\/wp-content\/uploads\/2018\/09\/deux-livres.pdf\">De Ghilan \u00e0 Chomsky\u00a0: deux livres sur Isra\u00ebl<\/a>\u00a0\u00bb, <em>Situations Moyen-Orient<\/em>, n\u00b0 10, 1975<\/p>\n<p>\u00ab\u00a0Un \u00e9t\u00e9 portugais\u00a0\u00bb, <em>La Revue nouvelle<\/em>, n\u00b0 10 octobre 1975<\/p>\n<p>\u00ab\u00a0An 0 de la r\u00e9volution\u00a0\u00bb, <em>Hebdo 75<\/em>, n\u00b0 8, 3-12-1975<\/p>\n<p><a href=\"https:\/\/www.institut-liebman.be\/wp-content\/uploads\/2018\/09\/sionisme.pdf\">\u00ab\u00a0Qu\u2019est-ce que le sionisme\u00a0?\u00a0\u00bb<\/a>, \u00e9dit\u00e9 par l\u2019Association Belgo-Palestinienne, Bruxelles, 1975<\/p>\n<p>1976<\/p>\n<p>\u00ab\u00a0Bruxelles II\u00a0: le Concile juif\u00a0\u00bb [\u00e0 propos de la Deuxi\u00e8me conf\u00e9rence mondiale des communaut\u00e9s pour les Juifs d\u2019URSS], <em>Hebdo 76<\/em>, 25-02-1976<\/p>\n<p>\u00ab\u00a0La moisson rouge\u00a0\u00bb, <em>Hebdo 76<\/em>,<\/p>\n<p>\u00ab\u00a0Un machin pour penseurs\u00a0? Les communistes et l\u2019affaire Plioutch\u00a0\u00bb, <em>Hebdo 76<\/em>, n\u00b0 16<\/p>\n<p>\u00ab\u00a0Mao Ts\u00e9-toung\u00a0: le pouvoir de l\u2019imagination\u00a0\u00bb, <em>Hebdo 76<\/em>, n\u00b0 45, 15-09-1976<\/p>\n<p>\u00ab\u00a0Mao, mao\u00efsme\u00a0\u00bb, <em>La Revue nouvelle<\/em>, n\u00b0 10, octobre 1976<\/p>\n<p>\u00ab\u00a0Quels droits pour quels hommes\u00a0?\u00a0\u00bb, <em>Hebdo 76<\/em>, n\u00b0 59<\/p>\n<p>1977<\/p>\n<p>\u00ab\u00a0<a href=\"https:\/\/www.institut-liebman.be\/wp-content\/uploads\/2018\/09\/droit-exister.pdf\">Le droit d\u2019exister<\/a>\u00a0\u00bb, <em>Hebdo 77<\/em>, n\u00b0 61<\/p>\n<p>\u00ab\u00a0Compte-rendu\u00a0: Pass\u00e9 pr\u00e9sent\u00a0: Jean Neuville, <em>La condition ouvri\u00e8re au XIXe si\u00e8cle<\/em> (T. 1\u00a0: l\u2019ouvrier objet), <em>Hebdo 77<\/em>, n\u00b0 64<\/p>\n<p>\u00ab\u00a0Un art de vivre beau et rouge\u00a0\u00bb, <em>Hebdo 77<\/em>, n\u00b0 85, 22-06-1977<\/p>\n<p>\u00ab\u00a0Editorial\u00a0\u00bb, <em>Palestine<\/em>, n\u00b0 8-9, 1977<\/p>\n<p>\u00ab\u00a0Confessions\u00a0\u00bb<\/p>\n<p>\u00ab\u00a0La gauche et la dissidence\u00a0\u00bb, <em>Hebdo 77<\/em><\/p>\n<p>1978<\/p>\n<p>\u00ab\u00a0Pays de l\u2019Est\u00a0: les dissidents et nous\u00a0\u00bb, <em>La Revue nouvelle<\/em>, n\u00b0 3, mars 1978<\/p>\n<p>\u00ab\u00a0Apr\u00e8s les \u00e9lections fran\u00e7aises\u00a0: anatomie d\u2019une d\u00e9faite\u00a0\u00bb, <em>La Revue nouvelle<\/em>, n\u00b0 5, mai 1978<\/p>\n<p>\u00ab\u00a0Une esp\u00e8ce de fascisme tr\u00e8s ordinaire\u00a0\u00bb, <em>Les Cahiers du Libre Examen<\/em>, novembre 1978<\/p>\n<p>1979<\/p>\n<p>\u00ab\u00a0Malades du Vietnam\u00a0?\u00a0\u00bb, <em>La Revue nouvelle<\/em>, n\u00b0 X, 1979<\/p>\n<p>1980<\/p>\n<p>\u00ab\u00a0<a href=\"https:\/\/www.institut-liebman.be\/wp-content\/uploads\/2018\/09\/debat-susskind.pdf\">Quelle paix au Moyen-Orient\u00a0? D\u00e9bat entre David Susskind &amp; Marcel Liebman. L\u2019ouverture ou le pourrissement<\/a>\u00a0\u00bb, <em>Points critiques<\/em>, n\u00b0 4, juin 1980<\/p>\n<p>\u00ab\u00a0\u00a0<a href=\"https:\/\/www.institut-liebman.be\/wp-content\/uploads\/2018\/09\/an-33.pdf\">L\u2019an trente-trois du conflit isra\u00e9lo-arabe<\/a>\u00a0\u00bb, <em>La Revue nouvelle<\/em>, n\u00b0 10, octobre 1980<\/p>\n<p>\u00ab\u00a0Du racisme au fascisme ordinaire\u00a0\u00bb, <em>La Revue nouvelle<\/em>, n\u00b0 11, novembre 1980<\/p>\n<p>1981<\/p>\n<p>\u00ab\u00a0<a href=\"https:\/\/www.institut-liebman.be\/wp-content\/uploads\/2018\/09\/depotoir.pdf\">Isra\u00ebl, \u2018\u2018Terre d\u2019asile\u2019\u2019 ou d\u00e9potoir\u00a0?<\/a>\u00a0\u00bb, <em>La Revue nouvelle<\/em>, n\u00b0 1, janvier 1981<\/p>\n<p>\u00ab\u00a0Fascisme d\u2019hier et d\u2019aujourd\u2019hui. Des tueurs aux honn\u00eates gens\u00a0\u00bb, <em>Points critiques<\/em>, n\u00b0 6, janvier 1981<\/p>\n<p>\u00ab\u00a0<a href=\"https:\/\/www.institut-liebman.be\/wp-admin\/upload.php?item=508\">Na\u00efm Khader. Sur la tombe d\u2019un ami\u00a0<\/a>\u00bb, <em>Points critiques<\/em>, n\u00b0 8, juillet 1981<\/p>\n<p>\u00ab\u00a0<a href=\"https:\/\/www.institut-liebman.be\/wp-content\/uploads\/2018\/09\/naim-khader.pdf\">Na\u00efm Khader<\/a>\u00a0\u00bb, <em>MRAX Information<\/em>, n\u00b0 22, 1981<\/p>\n<p>\u00ab\u00a0<a href=\"https:\/\/www.institut-liebman.be\/wp-admin\/upload.php?item=492\">Sadate-Arafat\u00a0: une comparaison audacieuse<\/a>\u00a0\u00bb, <em>Points critiques<\/em>, n\u00b0 9, novembre 1981<\/p>\n<p>\u00ab\u00a0<a href=\"https:\/\/www.institut-liebman.be\/wp-admin\/upload.php?item=492\">Et mes enfants seront-ils juifs\u00a0?<\/a>\u00a0\u00bb, <em>Points critiques<\/em>, n\u00b0 9, novembre 1981<\/p>\n<p>1982<\/p>\n<p>\u00ab\u00a0<a href=\"https:\/\/www.institut-liebman.be\/wp-content\/uploads\/2018\/09\/apres-sadate.pdf\">Moyen-Orient\u00a0: l\u2019apr\u00e8s-Sadate<\/a>\u00a0\u00bb, <em>La Revue nouvelle<\/em>, n\u00b0 2, f\u00e9vrier 1982<\/p>\n<p>\u00ab\u00a0Elections en Belgique\u00a0: les Juifs dans la bataille\u00a0\u00bb, <em>Points critiques<\/em>, n\u00b0 10, f\u00e9vrier 1982<\/p>\n<p>\u00ab\u00a0 <a href=\"https:\/\/www.institut-liebman.be\/wp-content\/uploads\/2018\/09\/polemique.pdf\">\u2018Tribune sioniste\u2019 contre \u2018Regards\u2019. \u2018L\u2019Affaire\u2019 et au-del\u00e0<\/a>\u00a0\u00bb, <em>Points critiques<\/em>, n\u00b0 11, avril 1982<\/p>\n<p>\u00ab\u00a0<a href=\"https:\/\/www.institut-liebman.be\/wp-content\/uploads\/2018\/09\/antisionisme-oui-non.pdf\">Peut-on \u00eatre encore anti-sioniste ? D\u00e9bat entre Henri Goldman &amp; Marcel Liebman<\/a> \u00bb, <em>Points critiques<\/em>, n\u00b0 11, avril 1982<\/p>\n<p>\u00ab\u00a0<a href=\"https:\/\/www.institut-liebman.be\/wp-content\/uploads\/2018\/09\/guerre-du-liban.pdf\">Liban\u00a0: la trag\u00e9die et au-del\u00e0<\/a>\u00a0\u00bb, <em>La Revue nouvelle<\/em>, n\u00b0 9, septembre 1982<\/p>\n<p>\u00ab <a href=\"https:\/\/www.institut-liebman.be\/wp-content\/uploads\/2018\/09\/beyrouth-paris.pdf\">Beyrouth &#8211; Paris: un \u00e9t\u00e9 tragique. Editorial<\/a>\u00a0\u00bb, <em>Points critiques<\/em>, n\u00b0 13, octobre 1982<\/p>\n<p>\u00ab\u00a0<a href=\"https:\/\/www.institut-liebman.be\/wp-content\/uploads\/2018\/09\/Nahum-Goldmann.pdf\">Nahum Goldman\u00a0: le dernier proph\u00e8te<\/a>\u00a0\u00bb, <em>Points critiques<\/em>, n\u00b0 13, octobre 1982<\/p>\n<p>\u00ab\u00a0<a href=\"https:\/\/www.institut-liebman.be\/wp-content\/uploads\/2018\/09\/khader-question-juive.pdf\">Na\u00efm Khader et la \u2018\u2018question juive\u2019\u2019\u00a0<\/a>\u00bb, <em>Pour<\/em>, n\u00b0 364, 1982<\/p>\n<p>1983<\/p>\n<p>\u00ab\u00a0Bizarreries du \u2018\u2018n\u00e9o-progressissme\u2019\u2019 juif\u00a0\u00bb, <em>Points critiques<\/em>, n\u00b0 14, janvier 1983<\/p>\n<p>\u00ab\u00a0Mort d\u2019un \u2018\u2018Juif progressiste\u2019\u2019\u00a0: Mend\u00e8s France\u00a0\u00bb, <em>Points critiques<\/em>, n\u00b0 14, janvier 1983<\/p>\n<p><a href=\"https:\/\/www.institut-liebman.be\/wp-content\/uploads\/2018\/09\/telemoustique.pdf\">\u00ab\u00a0Isra\u00ebl inconnu et familier\u00a0: Le complexe du tank et du h\u00e9risson\u00a0\u00bb<\/a>, <em>T\u00e9l\u00e9moustique<\/em>, 27-01-1983<\/p>\n<p>\u00ab\u00a0On ne peut plus dire\u00a0: \u2018\u2018Palestiniens conna\u00eet pas\u2019\u2019\u00a0\u00bb, \u00a0<em>T\u00e9l\u00e9moustique<\/em>, 3-02-1983<\/p>\n<p>\u00ab\u00a0<a href=\"https:\/\/www.institut-liebman.be\/wp-content\/uploads\/2018\/09\/retour-israel.pdf\">Retour d\u2019Isra\u00ebl<\/a>\u00a0\u00bb, <em>La Revue nouvelle<\/em>, n\u00b0 2, f\u00e9vrier 1983<\/p>\n<p>\u00ab\u00a0Marxiste, malgr\u00e9 tout\u00a0\u00bb, <em>Cahiers marxistes<\/em>, n\u00b0 114, \u00a0mai 1983<\/p>\n<p>\u00ab\u00a0<a href=\"https:\/\/www.institut-liebman.be\/wp-content\/uploads\/2018\/09\/lorsque-la-mort.pdf\">\u2018\u2018Lorsque la mort frappe un homme\u2019\u2019 A la m\u00e9moire d\u2019Issam Sartaoui<\/a>\u00a0\u00bb, <em>La Revue nouvelle<\/em>, n\u00b0 7-8, juillet-ao\u00fbt 1983<\/p>\n<p>\u00ab <a href=\"https:\/\/www.institut-liebman.be\/wp-content\/uploads\/2018\/09\/israel-et-la-diaspora.pdf\">Isra\u00ebl et la diaspora<\/a>\u00a0\u00bb (avec L\u00e9on Brenig et Henri W\u00e9soly), <em>La Revue nouvelle<\/em>, n\u00b0 10, octobre 1983<\/p>\n<p>\u00ab\u00a0Un Juif de situation\u00a0\u00bb, <em>La Revue nouvelle<\/em>, n\u00b0 10, octobre 1983<\/p>\n<p>\u00ab\u00a0Les amis belges de Shalom Archav\u00a0\u00bb, <em>Points critiques<\/em>, n\u00b0 15, 1983<\/p>\n<p>\u00ab\u00a0<a href=\"https:\/\/www.institut-liebman.be\/wp-admin\/upload.php?item=509\">Un cadavre, une inconnue, un danger<\/a>\u00a0\u00bb, <em>Points critiques<\/em>, n\u00b0 16, juillet 1983<\/p>\n<p>\u00ab\u00a0<a href=\"https:\/\/www.institut-liebman.be\/wp-content\/uploads\/2018\/09\/garaudy.pdf\">Garaudy et ses censeurs bruxellois<\/a>\u00a0\u00bb, <em>Points critiques<\/em>, n\u00b0 16, juillet 1983<\/p>\n<p>\u00ab\u00a0Menahem Begin\u00a0: une carri\u00e8re\u00a0\u00bb, <em>Points critiques<\/em>, n\u00b0 17, octobre 1983<\/p>\n<p>\u00ab\u00a0Le legs de Menahem Begin\u00a0: Politique et mystique en Isra\u00ebl\u00a0\u00bb, <em>Le Monde diplomatique<\/em>, d\u00e9cembre 1983<\/p>\n<p>1984<\/p>\n<p>\u00ab\u00a0Fascisme d\u2019hier, p\u00e9rils d\u2019aujourd\u2019hui\u00a0\u00bb, MRAX Information, n\u00b0 34, avril 1984<\/p>\n<p>\u00ab\u00a0<a href=\"https:\/\/www.institut-liebman.be\/wp-content\/uploads\/2018\/09\/impasse.pdf\">De Beyrouth \u00e0 J\u00e9rusalem\u00a0: l\u2019impasse<\/a>\u00a0\u00bb, <em>Points critiques<\/em>, n\u00b0 19, avril 1984<\/p>\n<p>\u00ab\u00a0Souvenirs. Un petit Juif bruxellois \u00e0 Anvers\u00a0\u00bb, <em>Points critiques<\/em>, n\u00b0 19, avril 1984<\/p>\n<p>\u00ab\u00a0Histoire du g\u00e9nocide en Belgique\u00a0: De troublantes r\u00e9v\u00e9lations du Prof. Steinberg\u00a0\u00bb, <em>Points critiques<\/em>, n\u00b0 20, juillet 1984<\/p>\n<p>\u00ab\u00a0Sholem Aleichem \u00e0 Auderghem\u00a0\u00bb, <em>Points critiques<\/em>, n\u00b0 20, juillet 1984<\/p>\n<p>\u00ab<a href=\"https:\/\/www.institut-liebman.be\/wp-content\/uploads\/2018\/09\/zero.pdf\">\u00a0La gauche isra\u00e9lienne\u00a0: ann\u00e9e z\u00e9ro\u00a0?<\/a> \u00bb, <em>Points critiques<\/em>, n\u00b0 21, octobre 1984<\/p>\n<p>\u00ab\u00a0Un orthodoxe h\u00e9r\u00e9tique\u00a0: Henri Curiel\u00a0\u00bb, <em>Points critiques<\/em>, n\u00b0 21, octobre 1984<\/p>\n<p>\u00ab\u00a0<a href=\"https:\/\/www.institut-liebman.be\/wp-content\/uploads\/2018\/09\/pourquoi-la-palestine.pdf\">Pourquoi la Palestine\u00a0?<\/a>\u00a0\u00bb, <em>Palestine<\/em>, n\u00b0 1, 1984<\/p>\n<p>1985<\/p>\n<p>\u00ab\u00a0Le centenaire du socialisme belge\u00a0: 1. Le lent r\u00e9veil des damn\u00e9s de la terre\u00a0; 2. La r\u00e9volte tonne en son crat\u00e8re\u00a0; 3. A la conqu\u00eate du suffrage universel\u00a0\u00bb, <em>Le Soir<\/em>, 9, 10 et 11 avril 1985<\/p>\n<p>\u00ab\u00a0Remarques sur l\u2019anticommunisme\u00a0\u00bb (avec Ralph Miliband), <em>Cahiers marxistes<\/em>, octobre 1985<\/p>\n<p>1986<\/p>\n<p>\u00ab\u00a0<a href=\"https:\/\/www.institut-liebman.be\/wp-content\/uploads\/2018\/09\/cahiers86.pdf\">R\u00e9formisme d\u2019hier et social-d\u00e9mocratie d\u2019aujourd\u2019hui<\/a>\u00a0\u00bb, <em>Cahiers marxistes<\/em>, n\u00b0 139-140, janvier-f\u00e9vrier 1986<\/p>\n<p>\u00ab\u00a0Nuit du 1<sup>er<\/sup> au 2 juillet 1985\u00a0\u00bb, <em>Points critiques<\/em>, n\u00b0 25, 1986<\/p>\n","protected":false},"excerpt":{"rendered":"<p>Articles class\u00e9s chronologiquement en ordre croissant, les textes en rouge sont consultables dans leur int\u00e9gralit\u00e9 en format pdf en cliquant sur titre (la mise en ligne des pdf sur ce nouveau site est en cours). 1956 \u00ab\u00a0Les Grandes Puissances et le conflit arabo-isra\u00e9lien\u00a0\u00bb, Menorah, n\u00b0 4, avril 1956 \u00ab\u00a0Ramsay MacDonald et la r\u00e9volution russe\u00a0\u00bb, Revue de l\u2019Institut de Sociologie, n\u00b0 4 \/ 1956 \u00ab\u00a0Analyse d\u2019un miracle\u00a0: le juda\u00efsme britannique a 300 ans\u00a0\u00bb, Menorah, n\u00b0 6, juillet-ao\u00fbt 1956 1957 \u00ab\u00a0Litt\u00e9rature au<\/p>\n","protected":false},"author":1,"featured_media":0,"parent":0,"menu_order":0,"comment_status":"closed","ping_status":"closed","template":"","meta":{"footnotes":""},"class_list":["post-412","page","type-page","status-publish","hentry"],"_links":{"self":[{"href":"https:\/\/www.institut-liebman.be\/index.php\/wp-json\/wp\/v2\/pages\/412","targetHints":{"allow":["GET"]}}],"collection":[{"href":"https:\/\/www.institut-liebman.be\/index.php\/wp-json\/wp\/v2\/pages"}],"about":[{"href":"https:\/\/www.institut-liebman.be\/index.php\/wp-json\/wp\/v2\/types\/page"}],"author":[{"embeddable":true,"href":"https:\/\/www.institut-liebman.be\/index.php\/wp-json\/wp\/v2\/users\/1"}],"replies":[{"embeddable":true,"href":"https:\/\/www.institut-liebman.be\/index.php\/wp-json\/wp\/v2\/comments?post=412"}],"version-history":[{"count":13,"href":"https:\/\/www.institut-liebman.be\/index.php\/wp-json\/wp\/v2\/pages\/412\/revisions"}],"predecessor-version":[{"id":1494,"href":"https:\/\/www.institut-liebman.be\/index.php\/wp-json\/wp\/v2\/pages\/412\/revisions\/1494"}],"wp:attachment":[{"href":"https:\/\/www.institut-liebman.be\/index.php\/wp-json\/wp\/v2\/media?parent=412"}],"curies":[{"name":"wp","href":"https:\/\/api.w.org\/{rel}","templated":true}]}}