{"id":980,"date":"2021-04-19T15:00:58","date_gmt":"2021-04-19T13:00:58","guid":{"rendered":"http:\/\/www.institut-liebman.be\/?post_type=aiovg_videos&#038;p=980"},"modified":"2021-11-25T15:01:35","modified_gmt":"2021-11-25T14:01:35","slug":"le-socialisme-malade-de-la-social-democratie-rencontre-avec-mateo-alaluf","status":"publish","type":"aiovg_videos","link":"https:\/\/www.institut-liebman.be\/index.php\/aiovg_videos\/le-socialisme-malade-de-la-social-democratie-rencontre-avec-mateo-alaluf\/","title":{"rendered":"Le socialisme malade de la social-d\u00e9mocratie \u2013 Rencontre avec Mateo Alaluf"},"content":{"rendered":"<div id=\"meta\" class=\"style-scope ytd-watch-flexy\">\n<div id=\"meta-contents\" class=\"style-scope ytd-watch-flexy\">\n<div id=\"container\" class=\"style-scope ytd-video-secondary-info-renderer\">\n<div id=\"content\" class=\"style-scope ytd-expander\">\n<div id=\"description\" class=\"style-scope ytd-video-secondary-info-renderer\">Le 16 avril, l\u2019UPJB et l\u2019Institut Marcel Liebman ont accueilli Mateo Alaluf. Son dernier livre Le socialisme malade de la social-d\u00e9mocratie est paru au mois de mars aux \u00e9ditions Syllepse.<\/div>\n<div><\/div>\n<div class=\"style-scope ytd-video-secondary-info-renderer\">Au terme d\u2019un si\u00e8cle et demi d\u2019existence qui a fa\u00e7onn\u00e9 l\u2019Europe et marqu\u00e9 le monde, la social-d\u00e9mocratie a-t-elle encore un avenir ? Assistons-nous \u00e0 la fin d\u2019un cycle politique et social, ou au contraire, les restes de la social-d\u00e9mocratie sont-ils moins inutiles qu\u2019il n\u2019y para\u00eet de prime abord ?<\/div>\n<div><\/div>\n<div class=\"style-scope ytd-video-secondary-info-renderer\">Ce qui est mort dans le socialisme appara\u00eet clairement au terme d\u2019un parcours, bas\u00e9 principalement sur cinq pays \u00e0 l\u2019origine de la social-d\u00e9mocratie, Allemagne, Belgique, France, Grande-Bretagne et Su\u00e8de. Au moment o\u00f9 il sombrait en Europe, le socialisme semble avoir retrouv\u00e9 sa radicalit\u00e9 outre-Atlantique avec Bernie Sanders et Alexandria Ocasio-Cortez. Le legs du socialisme, produit d\u2019une histoire s\u00e9culaire, permet-il de formuler \u00e0 pr\u00e9sent l\u2019hypoth\u00e8se d\u2019une gauche de gauche ?<\/div>\n<div><\/div>\n<div class=\"style-scope ytd-video-secondary-info-renderer\">Rien n\u2019est s\u00fbr pour l\u2019avenir. Dans le monde d\u2019apr\u00e8s le coronavirus, l\u2019extr\u00eame droite national-populiste est pr\u00eate \u00e0 occuper partout l\u2019espace laiss\u00e9 vacant par la social-d\u00e9mocratie d\u00e9faillante. L\u2019hypoth\u00e8se socialiste radicale pourrait briser cet \u00e9lan destructeur et porter l\u2019espoir d\u2019une perspective politique \u00e9mancipatrice. Le legs subversif du socialisme est multiple, comme les classes populaires. Il doit pouvoir s\u2019incarner dans toutes les sensibilit\u00e9s de la gauche, socialiste r\u00e9nov\u00e9e, gauche radicale et \u00e9cologiste.<\/div>\n<div><\/div>\n<div class=\"style-scope ytd-video-secondary-info-renderer\">Mat\u00e9o Alaluf, docteur en sciences sociales, sp\u00e9cialiste des questions relatives \u00e0 l\u2019emploi, \u00e0 la qualification du travail et aux rapports entre formation et emploi, r\u00e9pond aux questions de Francine Bolle.<\/div>\n<div><\/div>\n<div class=\"style-scope ytd-video-secondary-info-renderer\">Francine Bolle est docteure en Histoire, ma\u00eetre de conf\u00e9rences \u00e0 l\u2019ULB, coordinatrice de l\u2019Institut Marcel Liebman, sp\u00e9cialis\u00e9e en histoire du mouvement ouvrier et en histoire syndicale belge, elle a r\u00e9alis\u00e9 sa th\u00e8se sur <em>La mise en place du syndicalisme contemporain et des relations sociales nouvelles en Belgique (1910-1937)<\/em>.<\/div>\n<\/div>\n<\/div>\n<\/div>\n<\/div>\n","protected":false},"excerpt":{"rendered":"<p>Le 16 avril, l\u2019UPJB et l\u2019Institut Marcel Liebman ont accueilli Mateo Alaluf. Son dernier livre Le socialisme malade de la social-d\u00e9mocratie est paru au mois de mars aux \u00e9ditions Syllepse. Au terme d\u2019un si\u00e8cle et demi d\u2019existence qui a fa\u00e7onn\u00e9 l\u2019Europe et marqu\u00e9 le monde, la social-d\u00e9mocratie a-t-elle encore un avenir ? Assistons-nous \u00e0 la fin d\u2019un cycle politique et social, ou au contraire, les restes de la social-d\u00e9mocratie sont-ils moins inutiles qu\u2019il n\u2019y para\u00eet de prime abord ? Ce<\/p>\n","protected":false},"author":1,"comment_status":"closed","ping_status":"closed","template":"","aiovg_categories":[],"aiovg_tags":[],"class_list":["post-980","aiovg_videos","type-aiovg_videos","status-publish","has-post-thumbnail","hentry"],"_links":{"self":[{"href":"https:\/\/www.institut-liebman.be\/index.php\/wp-json\/wp\/v2\/aiovg_videos\/980","targetHints":{"allow":["GET"]}}],"collection":[{"href":"https:\/\/www.institut-liebman.be\/index.php\/wp-json\/wp\/v2\/aiovg_videos"}],"about":[{"href":"https:\/\/www.institut-liebman.be\/index.php\/wp-json\/wp\/v2\/types\/aiovg_videos"}],"author":[{"embeddable":true,"href":"https:\/\/www.institut-liebman.be\/index.php\/wp-json\/wp\/v2\/users\/1"}],"replies":[{"embeddable":true,"href":"https:\/\/www.institut-liebman.be\/index.php\/wp-json\/wp\/v2\/comments?post=980"}],"wp:attachment":[{"href":"https:\/\/www.institut-liebman.be\/index.php\/wp-json\/wp\/v2\/media?parent=980"}],"wp:term":[{"taxonomy":"aiovg_categories","embeddable":true,"href":"https:\/\/www.institut-liebman.be\/index.php\/wp-json\/wp\/v2\/aiovg_categories?post=980"},{"taxonomy":"aiovg_tags","embeddable":true,"href":"https:\/\/www.institut-liebman.be\/index.php\/wp-json\/wp\/v2\/aiovg_tags?post=980"}],"curies":[{"name":"wp","href":"https:\/\/api.w.org\/{rel}","templated":true}]}}